{"id":6404,"date":"2023-02-24T13:22:19","date_gmt":"2023-02-24T13:22:19","guid":{"rendered":"https:\/\/urlaubscenter24.com\/de\/?page_id=6404"},"modified":"2023-02-24T14:15:39","modified_gmt":"2023-02-24T14:15:39","slug":"madeira-wanderurlaub","status":"publish","type":"page","link":"https:\/\/urlaubscenter24.com\/de\/madeira-wanderurlaub\/","title":{"rendered":"Madeira Wandern &#8211; Tipps f\u00fcr einen Wanderurlaub auf der faszinierenden Atlantikinsel"},"content":{"rendered":"\n<div class=\"wp-block-columns has-background is-layout-flex wp-container-core-columns-is-layout-1 wp-block-columns-is-layout-flex\" style=\"background-color:#faf3e2\">\n<div class=\"wp-block-column is-layout-flow wp-block-column-is-layout-flow\">\n<figure class=\"wp-block-image size-large\"><a href=\"https:\/\/urlaubscenter24.com\/de\/madeira-angebote\/\" target=\"_blank\" rel=\"noreferrer noopener\"><img loading=\"lazy\" decoding=\"async\" width=\"1024\" height=\"512\" src=\"https:\/\/urlaubscenter24.com\/de\/wp-content\/uploads\/2023\/02\/Madeira-Wanderurlaub-1024x512.jpg\" alt=\"Madeira Wanderurlaub\" class=\"wp-image-6435\"\/><\/a><\/figure>\n<\/div>\n\n\n\n<div class=\"wp-block-column is-layout-flow wp-block-column-is-layout-flow\">\n<p><\/p>\n\n\n\n<p>1 WOCHE PAUSCHALREISE MADEIRA<\/p>\n\n\n\n<p>(Hotel, Flug &amp; Transfer) <a href=\"https:\/\/urlaubscenter24.com\/de\/madeira-angebote\/\" target=\"_blank\" rel=\"noreferrer noopener\"><strong>ab 510 Euro<\/strong><\/a> pro Person!<\/p>\n\n\n\n<p><em>Reiseschn\u00e4ppchen Madeira, alle Flugh\u00e4fen &amp; Veranstalter<\/em><\/p>\n\n\n\n<p><\/p>\n\n\n\n<div class=\"wp-block-buttons is-layout-flex wp-block-buttons-is-layout-flex\">\n<div class=\"wp-block-button has-custom-width wp-block-button__width-100\"><a class=\"wp-block-button__link has-white-color has-text-color has-background wp-element-button\" href=\"https:\/\/urlaubscenter24.com\/de\/madeira-angebote\/\" style=\"border-radius:10px;background-color:#dd9933\" target=\"_blank\" rel=\"noreferrer noopener\"><strong>ZU DEN ANGEBOTEN &gt;&gt;<\/strong><\/a><\/div>\n<\/div>\n<\/div>\n<\/div>\n\n\n\n<p>Auf und nieder, immer wieder: Auf Madeira liegen K\u00fcste und Hochgebirge so nah beisammen wie kaum irgendwo anders. Berge, die fast direkt ins Meer hinabfallen, tief eingeschnittene T\u00e4ler. Dazu lockt das ganzj\u00e4hrig milde Klima. Damit bietet sich die Insel des ewigen Fr\u00fchlings mit ihrer bezaubernden Natur und ihren atemberaubenden Ausblicken perfekt f\u00fcr einen Wanderurlaub an. Selbst wer nicht super sportlich ist und gerne am Strand liegt, findet auf den einfachen Wanderwegen einen sch\u00f6nen Ausgleich zum Faulenzen. F\u00fcr alle Wanderer mit guter Kondition und f\u00fcr echte Bergsteiger sind ebenfalls jede Menge anspruchsvoller Touren vorhanden.<\/p>\n\n\n\n<h4 class=\"has-text-align-center wp-block-heading\"><strong>MADEIRA ANGEBOTE F\u00dcR IHREN WANDERURLAUB<\/strong><\/h4>\n\n\n\n<div class=\"wp-block-columns is-layout-flex wp-container-core-columns-is-layout-2 wp-block-columns-is-layout-flex\">\n<div class=\"wp-block-column is-layout-flow wp-block-column-is-layout-flow\">\n<figure class=\"wp-block-image size-full\"><a href=\"https:\/\/urlaubscenter24.com\/booking-pauschal-ht.php?&amp;ddate=1&amp;rdate=90&amp;cntry=1003&amp;rgn=1019&amp;dur=7&amp;meal=BF&amp;add=1\" target=\"_blank\" rel=\"noopener\"><img loading=\"lazy\" decoding=\"async\" width=\"800\" height=\"532\" src=\"https:\/\/urlaubscenter24.com\/de\/wp-content\/uploads\/2022\/01\/Madeira-Hotel-Pestana-Carlton.jpg\" alt=\"\" class=\"wp-image-4496\"\/><\/a><\/figure>\n\n\n\n<div class=\"wp-block-buttons is-layout-flex wp-block-buttons-is-layout-flex\">\n<div class=\"wp-block-button has-custom-width wp-block-button__width-100\"><a class=\"wp-block-button__link has-background wp-element-button\" href=\"https:\/\/urlaubscenter24.com\/booking-pauschal-ht.php?&amp;ddate=1&amp;rdate=90&amp;cntry=1003&amp;rgn=1019&amp;dur=7&amp;meal=BF&amp;add=1\" style=\"border-radius:10px;background-color:#00abbc\" target=\"_blank\" rel=\"noreferrer noopener\"><strong>Madeira Pauschalreisen<\/strong><\/a><\/div>\n<\/div>\n<\/div>\n\n\n\n<div class=\"wp-block-column is-layout-flow wp-block-column-is-layout-flow\">\n<figure class=\"wp-block-image size-full\"><a href=\"https:\/\/urlaubscenter24.com\/booking-hotel-ht.php?&amp;ddate=1&amp;rdate=90&amp;cntry=1003&amp;rgn=1019&amp;dur=7&amp;meal=&amp;add=1\" target=\"_blank\" rel=\"noopener\"><img loading=\"lazy\" decoding=\"async\" width=\"800\" height=\"530\" src=\"https:\/\/urlaubscenter24.com\/de\/wp-content\/uploads\/2022\/01\/Madeira-Hotels.jpg\" alt=\"\" class=\"wp-image-4612\"\/><\/a><\/figure>\n\n\n\n<div class=\"wp-block-buttons is-layout-flex wp-block-buttons-is-layout-flex\">\n<div class=\"wp-block-button has-custom-width wp-block-button__width-100\"><a class=\"wp-block-button__link has-background wp-element-button\" href=\"https:\/\/urlaubscenter24.com\/booking-hotel-ht.php?&amp;ddate=1&amp;rdate=90&amp;cntry=1003&amp;rgn=1019&amp;dur=7&amp;meal=&amp;add=1\" style=\"border-radius:10px;background-color:#00abbc\" target=\"_blank\" rel=\"noreferrer noopener\"><strong>Madeira Nur-Hotels<\/strong><\/a><\/div>\n<\/div>\n<\/div>\n<\/div>\n\n\n\n<h4 class=\"has-text-align-center wp-block-heading\"><strong>MADEIRA WANDERURLAUB &#8211; UNSERE HOTELTIPPS<\/strong><\/h4>\n\n\n\n<div class=\"wp-block-columns is-layout-flex wp-container-core-columns-is-layout-3 wp-block-columns-is-layout-flex\">\n<div class=\"wp-block-column is-layout-flow wp-block-column-is-layout-flow\">\n<figure class=\"wp-block-image size-full is-style-default\"><a href=\"https:\/\/urlaubscenter24.com\/de\/pauschalreisen-angebote\/?ddate=1&amp;rdate=90&amp;cntry=1003&amp;rgn=1019&amp;giata=25983&amp;dur=7&amp;meal=BF&amp;add=1\" target=\"_blank\" rel=\"noopener\"><img loading=\"lazy\" decoding=\"async\" width=\"800\" height=\"530\" src=\"https:\/\/urlaubscenter24.com\/de\/wp-content\/uploads\/2021\/10\/Madeira-Hotel-Monte-Mar-Palace.jpg\" alt=\"Madeira - Hotel Monte Mar Palace\" class=\"wp-image-4292\"\/><\/a><figcaption class=\"wp-element-caption\">   <a href=\"https:\/\/urlaubscenter24.com\/de\/pauschalreisen-angebote\/?ddate=1&amp;rdate=90&amp;cntry=1003&amp;rgn=1019&amp;giata=25983&amp;dur=7&amp;meal=BF&amp;add=1\" target=\"_blank\" rel=\"noreferrer noopener\"><strong>Monte Mar Palace &#8211; Ponta Delgda<\/strong><\/a><br>1 Woche im 3,5-Sterne Hotel mit Fr\u00fchst\u00fcck<br>inkl. Flug &amp; Transfer <a href=\"https:\/\/urlaubscenter24.com\/de\/pauschalreisen-angebote\/?ddate=1&amp;rdate=90&amp;cntry=1003&amp;rgn=1019&amp;giata=25983&amp;dur=7&amp;meal=BF&amp;add=1\" target=\"_blank\" rel=\"noreferrer noopener\"><strong>ab 584 \u20ac p. P.<\/strong><\/a><\/figcaption><\/figure>\n\n\n\n<div class=\"wp-block-buttons is-layout-flex wp-block-buttons-is-layout-flex\">\n<div class=\"wp-block-button has-custom-width wp-block-button__width-100\"><a class=\"wp-block-button__link has-white-color has-text-color has-background wp-element-button\" href=\"https:\/\/urlaubscenter24.com\/de\/pauschalreisen-angebote\/?ddate=1&amp;rdate=90&amp;cntry=1003&amp;rgn=1019&amp;giata=25983&amp;dur=7&amp;meal=BF&amp;add=1\" style=\"border-radius:10px;background-color:#dd9933\" target=\"_blank\" rel=\"noreferrer noopener\"><strong>Zum Angebot &gt;&gt;<\/strong><\/a><\/div>\n<\/div>\n<\/div>\n\n\n\n<div class=\"wp-block-column is-layout-flow wp-block-column-is-layout-flow\">\n<figure class=\"wp-block-image size-full is-style-default\"><a href=\"https:\/\/urlaubscenter24.com\/de\/pauschalreisen-angebote\/?ddate=1&amp;rdate=90&amp;cntry=1003&amp;rgn=1019&amp;giata=2163&amp;dur=7&amp;meal=BF&amp;add=1\" target=\"_blank\" rel=\"noopener\"><img loading=\"lazy\" decoding=\"async\" width=\"800\" height=\"532\" src=\"https:\/\/urlaubscenter24.com\/de\/wp-content\/uploads\/2022\/01\/Madeira-Hotel-Fourviews-Oasis.jpg\" alt=\"Madeira - Hotel Fourviews Oasis\" class=\"wp-image-4467\"\/><\/a><figcaption class=\"wp-element-caption\">   <a href=\"https:\/\/urlaubscenter24.com\/de\/pauschalreisen-angebote\/?ddate=1&amp;rdate=90&amp;cntry=1003&amp;rgn=1019&amp;giata=2163&amp;dur=7&amp;meal=BF&amp;add=1\" target=\"_blank\" rel=\"noreferrer noopener\"><strong>Hotel The View Oasis &#8211; Canixo de Baixo<\/strong><\/a><br>1 Woche im 4,5-Sterne Hotel mit Fr\u00fchst\u00fcck<br>inkl. Flug &amp; Transfer <a href=\"https:\/\/urlaubscenter24.com\/de\/pauschalreisen-angebote\/?ddate=1&amp;rdate=90&amp;cntry=1003&amp;rgn=1019&amp;giata=2163&amp;dur=7&amp;meal=BF&amp;add=1\" target=\"_blank\" rel=\"noreferrer noopener\"><strong>ab 629 \u20ac p. P.<\/strong><\/a><\/figcaption><\/figure>\n\n\n\n<div class=\"wp-block-buttons is-layout-flex wp-block-buttons-is-layout-flex\">\n<div class=\"wp-block-button has-custom-width wp-block-button__width-100\"><a class=\"wp-block-button__link has-white-color has-text-color has-background wp-element-button\" href=\"https:\/\/urlaubscenter24.com\/de\/pauschalreisen-angebote\/?ddate=1&amp;rdate=90&amp;cntry=1003&amp;rgn=1019&amp;giata=2163&amp;dur=7&amp;meal=BF&amp;add=1\" style=\"border-radius:10px;background-color:#dd9933\" target=\"_blank\" rel=\"noreferrer noopener\"><strong>Zum Angebot &gt;&gt;<\/strong><\/a><\/div>\n<\/div>\n<\/div>\n\n\n\n<div class=\"wp-block-column is-layout-flow wp-block-column-is-layout-flow\">\n<figure class=\"wp-block-image size-full\"><a href=\"https:\/\/urlaubscenter24.com\/de\/pauschalreisen-angebote\/?ddate=1&amp;rdate=90&amp;cntry=1003&amp;rgn=1019&amp;giata=2161&amp;dur=7&amp;meal=BF&amp;add=1\" target=\"_blank\" rel=\"noreferrer noopener\"><img loading=\"lazy\" decoding=\"async\" width=\"800\" height=\"530\" src=\"https:\/\/urlaubscenter24.com\/de\/wp-content\/uploads\/2022\/02\/Madeira-Hotel-Jardim-Atlantico.jpg\" alt=\"Madeira - Hotel Jardim Atlantico\" class=\"wp-image-4897\"\/><\/a><figcaption class=\"wp-element-caption\"><a href=\"https:\/\/urlaubscenter24.com\/de\/pauschalreisen-angebote\/?ddate=1&amp;rdate=90&amp;cntry=1003&amp;rgn=1019&amp;giata=2161&amp;dur=7&amp;meal=BF&amp;add=1\" target=\"_blank\" rel=\"noreferrer noopener\"><strong>Hotel Jardin Atlantico &#8211; Prazeres<\/strong><\/a><br>1 Woche im 4-Sterne Hotel mit Halbpension<br>inkl. Flug &amp; Transfer <a href=\"https:\/\/urlaubscenter24.com\/de\/pauschalreisen-angebote\/?ddate=1&amp;rdate=90&amp;cntry=1003&amp;rgn=1019&amp;giata=2161&amp;dur=7&amp;meal=BF&amp;add=1\" target=\"_blank\" rel=\"noreferrer noopener\"><strong>ab 729 \u20ac p. P.<\/strong><\/a><\/figcaption><\/figure>\n\n\n\n<div class=\"wp-block-buttons is-layout-flex wp-block-buttons-is-layout-flex\">\n<div class=\"wp-block-button has-custom-width wp-block-button__width-100\"><a class=\"wp-block-button__link has-white-color has-text-color has-background wp-element-button\" href=\"https:\/\/urlaubscenter24.com\/de\/pauschalreisen-angebote\/?ddate=1&amp;rdate=90&amp;cntry=1003&amp;rgn=1019&amp;giata=2161&amp;dur=7&amp;meal=BF&amp;add=1\" style=\"border-radius:10px;background-color:#dd9933\" target=\"_blank\" rel=\"noreferrer noopener\"><strong> Zum Angebot &gt;&gt;<\/strong><\/a><\/div>\n<\/div>\n<\/div>\n<\/div>\n\n\n\n<hr class=\"wp-block-separator has-css-opacity\"\/>\n\n\n\n<h4 class=\"has-text-align-center wp-block-heading\"><strong>MADEIRA WANDERURLAUB &#8211; BILDERGALERIE<\/strong><\/h4>\n\n\n\n<div class=\"wp-block-jetpack-tiled-gallery aligncenter is-style-rectangular has-rounded-corners-5\"><div class=\"tiled-gallery__gallery\"><div class=\"tiled-gallery__row\"><div class=\"tiled-gallery__col\" style=\"flex-basis:66.74415%\"><figure class=\"tiled-gallery__item\"><a href=\"https:\/\/urlaubscenter24.com\/de\/wp-content\/uploads\/2022\/01\/Madeira-Wanderung-Prazeres-Jardim-Atlantico-Sonnenuntergang-1024x768.jpg\"><img decoding=\"async\" srcset=\"https:\/\/i1.wp.com\/urlaubscenter24.com\/de\/wp-content\/uploads\/2022\/01\/Madeira-Wanderung-Prazeres-Jardim-Atlantico-Sonnenuntergang-1024x768.jpg?strip=info&#038;w=600&#038;ssl=1 600w,https:\/\/i1.wp.com\/urlaubscenter24.com\/de\/wp-content\/uploads\/2022\/01\/Madeira-Wanderung-Prazeres-Jardim-Atlantico-Sonnenuntergang-1024x768.jpg?strip=info&#038;w=900&#038;ssl=1 900w,https:\/\/i1.wp.com\/urlaubscenter24.com\/de\/wp-content\/uploads\/2022\/01\/Madeira-Wanderung-Prazeres-Jardim-Atlantico-Sonnenuntergang-1024x768.jpg?strip=info&#038;w=1200&#038;ssl=1 1200w\" alt=\"Madeira Wanderung - Prazeres - Jardim Atlantico, Sonnenuntergang\" data-height=\"900\" data-id=\"4567\" data-link=\"https:\/\/urlaubscenter24.com\/de\/madeira-wanderung-prazeres-jardim-atlantico-sonnenuntergang\/\" data-url=\"https:\/\/urlaubscenter24.com\/de\/wp-content\/uploads\/2022\/01\/Madeira-Wanderung-Prazeres-Jardim-Atlantico-Sonnenuntergang-1024x768.jpg\" data-width=\"1200\" src=\"https:\/\/i1.wp.com\/urlaubscenter24.com\/de\/wp-content\/uploads\/2022\/01\/Madeira-Wanderung-Prazeres-Jardim-Atlantico-Sonnenuntergang-1024x768.jpg?ssl=1\" data-amp-layout=\"responsive\"\/><\/a><\/figure><\/div><div class=\"tiled-gallery__col\" style=\"flex-basis:33.25585%\"><figure class=\"tiled-gallery__item\"><a href=\"https:\/\/urlaubscenter24.com\/de\/wp-content\/uploads\/2022\/01\/Madeira-Bergtour-Pico-Ruivo-1024x768.jpg\"><img decoding=\"async\" srcset=\"https:\/\/i0.wp.com\/urlaubscenter24.com\/de\/wp-content\/uploads\/2022\/01\/Madeira-Bergtour-Pico-Ruivo-1024x768.jpg?strip=info&#038;w=600&#038;ssl=1 600w,https:\/\/i0.wp.com\/urlaubscenter24.com\/de\/wp-content\/uploads\/2022\/01\/Madeira-Bergtour-Pico-Ruivo-1024x768.jpg?strip=info&#038;w=900&#038;ssl=1 900w,https:\/\/i0.wp.com\/urlaubscenter24.com\/de\/wp-content\/uploads\/2022\/01\/Madeira-Bergtour-Pico-Ruivo-1024x768.jpg?strip=info&#038;w=1200&#038;ssl=1 1200w\" alt=\"Madeira Bergtour - Pico Ruivo\" data-height=\"900\" data-id=\"4547\" data-link=\"https:\/\/urlaubscenter24.com\/de\/madeira-bergtour-pico-ruivo\/\" data-url=\"https:\/\/urlaubscenter24.com\/de\/wp-content\/uploads\/2022\/01\/Madeira-Bergtour-Pico-Ruivo-1024x768.jpg\" data-width=\"1200\" src=\"https:\/\/i0.wp.com\/urlaubscenter24.com\/de\/wp-content\/uploads\/2022\/01\/Madeira-Bergtour-Pico-Ruivo-1024x768.jpg?ssl=1\" data-amp-layout=\"responsive\"\/><\/a><\/figure><figure class=\"tiled-gallery__item\"><a href=\"https:\/\/urlaubscenter24.com\/de\/wp-content\/uploads\/2022\/01\/P2231038-1024x768.jpg\"><img decoding=\"async\" srcset=\"https:\/\/i2.wp.com\/urlaubscenter24.com\/de\/wp-content\/uploads\/2022\/01\/P2231038-1024x768.jpg?strip=info&#038;w=600&#038;ssl=1 600w,https:\/\/i2.wp.com\/urlaubscenter24.com\/de\/wp-content\/uploads\/2022\/01\/P2231038-1024x768.jpg?strip=info&#038;w=900&#038;ssl=1 900w,https:\/\/i2.wp.com\/urlaubscenter24.com\/de\/wp-content\/uploads\/2022\/01\/P2231038-1024x768.jpg?strip=info&#038;w=1200&#038;ssl=1 1200w\" alt=\"\" data-height=\"900\" data-id=\"4476\" data-link=\"https:\/\/urlaubscenter24.com\/de\/p2231038\/\" data-url=\"https:\/\/urlaubscenter24.com\/de\/wp-content\/uploads\/2022\/01\/P2231038-1024x768.jpg\" data-width=\"1200\" src=\"https:\/\/i2.wp.com\/urlaubscenter24.com\/de\/wp-content\/uploads\/2022\/01\/P2231038-1024x768.jpg?ssl=1\" data-amp-layout=\"responsive\"\/><\/a><\/figure><\/div><\/div><div class=\"tiled-gallery__row\"><div class=\"tiled-gallery__col\" style=\"flex-basis:33.33333%\"><figure class=\"tiled-gallery__item\"><a href=\"https:\/\/urlaubscenter24.com\/de\/wp-content\/uploads\/2022\/01\/P2221022-1-1024x768.jpg\"><img decoding=\"async\" srcset=\"https:\/\/i0.wp.com\/urlaubscenter24.com\/de\/wp-content\/uploads\/2022\/01\/P2221022-1-1024x768.jpg?strip=info&#038;w=600&#038;ssl=1 600w,https:\/\/i0.wp.com\/urlaubscenter24.com\/de\/wp-content\/uploads\/2022\/01\/P2221022-1-1024x768.jpg?strip=info&#038;w=900&#038;ssl=1 900w,https:\/\/i0.wp.com\/urlaubscenter24.com\/de\/wp-content\/uploads\/2022\/01\/P2221022-1-1024x768.jpg?strip=info&#038;w=1200&#038;ssl=1 1200w\" alt=\"\" data-height=\"900\" data-id=\"4475\" data-link=\"https:\/\/urlaubscenter24.com\/de\/p2221022-2\/\" data-url=\"https:\/\/urlaubscenter24.com\/de\/wp-content\/uploads\/2022\/01\/P2221022-1-1024x768.jpg\" data-width=\"1200\" src=\"https:\/\/i0.wp.com\/urlaubscenter24.com\/de\/wp-content\/uploads\/2022\/01\/P2221022-1-1024x768.jpg?ssl=1\" data-amp-layout=\"responsive\"\/><\/a><\/figure><\/div><div class=\"tiled-gallery__col\" style=\"flex-basis:33.33333%\"><figure class=\"tiled-gallery__item\"><a href=\"https:\/\/urlaubscenter24.com\/de\/wp-content\/uploads\/2022\/01\/Madeira-Wandern-Ponta-de-Sao-Lourenco-2-1024x768.jpg\"><img decoding=\"async\" srcset=\"https:\/\/i2.wp.com\/urlaubscenter24.com\/de\/wp-content\/uploads\/2022\/01\/Madeira-Wandern-Ponta-de-Sao-Lourenco-2-1024x768.jpg?strip=info&#038;w=600&#038;ssl=1 600w,https:\/\/i2.wp.com\/urlaubscenter24.com\/de\/wp-content\/uploads\/2022\/01\/Madeira-Wandern-Ponta-de-Sao-Lourenco-2-1024x768.jpg?strip=info&#038;w=900&#038;ssl=1 900w,https:\/\/i2.wp.com\/urlaubscenter24.com\/de\/wp-content\/uploads\/2022\/01\/Madeira-Wandern-Ponta-de-Sao-Lourenco-2-1024x768.jpg?strip=info&#038;w=1200&#038;ssl=1 1200w\" alt=\"Madeira Wandern - Ponta de Sao Lourenco\" data-height=\"900\" data-id=\"4584\" data-link=\"https:\/\/urlaubscenter24.com\/de\/madeira-wandern-ponta-de-sao-lourenco-2-2\/\" data-url=\"https:\/\/urlaubscenter24.com\/de\/wp-content\/uploads\/2022\/01\/Madeira-Wandern-Ponta-de-Sao-Lourenco-2-1024x768.jpg\" data-width=\"1200\" src=\"https:\/\/i2.wp.com\/urlaubscenter24.com\/de\/wp-content\/uploads\/2022\/01\/Madeira-Wandern-Ponta-de-Sao-Lourenco-2-1024x768.jpg?ssl=1\" data-amp-layout=\"responsive\"\/><\/a><\/figure><\/div><div class=\"tiled-gallery__col\" style=\"flex-basis:33.33333%\"><figure class=\"tiled-gallery__item\"><a href=\"https:\/\/urlaubscenter24.com\/de\/wp-content\/uploads\/2022\/01\/Madeira-Wanderurlaub-Porto-da-Cruz-1024x768.jpg\"><img decoding=\"async\" srcset=\"https:\/\/i0.wp.com\/urlaubscenter24.com\/de\/wp-content\/uploads\/2022\/01\/Madeira-Wanderurlaub-Porto-da-Cruz-1024x768.jpg?strip=info&#038;w=600&#038;ssl=1 600w,https:\/\/i0.wp.com\/urlaubscenter24.com\/de\/wp-content\/uploads\/2022\/01\/Madeira-Wanderurlaub-Porto-da-Cruz-1024x768.jpg?strip=info&#038;w=900&#038;ssl=1 900w,https:\/\/i0.wp.com\/urlaubscenter24.com\/de\/wp-content\/uploads\/2022\/01\/Madeira-Wanderurlaub-Porto-da-Cruz-1024x768.jpg?strip=info&#038;w=1200&#038;ssl=1 1200w\" alt=\"Madeira Wanderurlaub - Porto da Cruz\" data-height=\"900\" data-id=\"4586\" data-link=\"https:\/\/urlaubscenter24.com\/de\/madeira-wanderurlaub-porto-da-cruz\/\" data-url=\"https:\/\/urlaubscenter24.com\/de\/wp-content\/uploads\/2022\/01\/Madeira-Wanderurlaub-Porto-da-Cruz-1024x768.jpg\" data-width=\"1200\" src=\"https:\/\/i0.wp.com\/urlaubscenter24.com\/de\/wp-content\/uploads\/2022\/01\/Madeira-Wanderurlaub-Porto-da-Cruz-1024x768.jpg?ssl=1\" data-amp-layout=\"responsive\"\/><\/a><\/figure><\/div><\/div><\/div><\/div>\n\n\n\n<hr class=\"wp-block-separator has-css-opacity\"\/>\n\n\n\n<script async=\"\" src=\"https:\/\/pagead2.googlesyndication.com\/pagead\/js\/adsbygoogle.js?client=ca-pub-6268491940257851\" crossorigin=\"anonymous\"><\/script>\n<!-- Urlaubscenter24 -->\n<ins class=\"adsbygoogle\" style=\"display:block\" data-ad-client=\"ca-pub-6268491940257851\" data-ad-slot=\"1624564550\" data-ad-format=\"auto\" data-full-width-responsive=\"true\"><\/ins>\n<script>\n     (adsbygoogle = window.adsbygoogle || []).push({});\n<\/script>\n\n\n\n<hr class=\"wp-block-separator has-css-opacity\"\/>\n\n\n\n<h4 class=\"has-text-align-center wp-block-heading\"><strong>MADEIRA WANDERN &#8211; UNSERE TIPPS<\/strong><\/h4>\n\n\n\n<p>Wir stellen hier ein paar Wanderungen der verschiedenen Schwierigkeitsgrade vor.<br>Die detaillierten Tourenbeschreibungen finden Sie im Wanderf\u00fchrer Madeira aus dem Michael M\u00fcller Verlag.<\/p>\n\n\n\n<h4 class=\"wp-block-heading\"><strong>1) Wanderung auf der Halbinsel Ponta de S\u00e3o Louren\u00e7o<\/strong><\/h4>\n\n\n\n<p>Diese Wanderung auf der \u00f6stlichsten Halbinsel  Ponta de S\u00e3o Louren\u00e7o ist der wundersch\u00f6ne Klassiker unter den Madeira-Touren. Der Ausgangspunkt der Wanderung ist der gro\u00dfe Parkplatz am Ende der Stra\u00dfe \u00f6stlich von Cani\u00e7al. Der Strand Prainha \u2013 im \u00dcbrigen der einzige nat\u00fcrlich Sandstrand Madeiras \u2013 bietet sich ebenfalls als Startpunkt an. Von dort l\u00e4sst sich die felsige und windige Halbinsel mit ihren gigantischen Felsw\u00e4nden und der unber\u00fchrten, kargen Natur prima erkunden. Die Wanderung ist einfach und auch f\u00fcr Kinder geeignet. Trotzdem sollten festes Schuhwerk, Sonnenschutz und Verpflegung\/Getr\u00e4nke auf keinen Fall fehlen. An einigen Stellen ist Trittsicherheit erforderlich, aber die leicht ausgesetzten Stellen sind mit Drahtseilen gesichert.<\/p>\n\n\n\n<p>Der Wanderweg f\u00fchrt am Casa do Sardinha vorbei. Das kleine Steinhaus ist von Palmen umgeben und der Naturparkverwaltung. Am Ende der Halbinsel liegt der Pico do Furado (162 m), der einen grandiosen Blick auf zwei kleine Inseln und Felsen bietet.<\/p>\n\n\n\n<p>Bei der Rast bietet sich eine gro\u00dfartige Aussicht aufs Meer, wenn unten die Wellen an die Felsen klatschen. Die Ponta de S\u00e3o Louren\u00e7o ist 9 Kilometer lang und 2 Kilometer breit und wurde aufgrund ihrer sch\u00fctzenswerten Flora und Fauna zum Naturreservat erkl\u00e4rt. Besonders sch\u00f6n leuchten die Farben am Nachmittag.<\/p>\n\n\n\n<div class=\"wp-block-jetpack-tiled-gallery aligncenter is-style-rectangular has-rounded-corners-5\"><div class=\"tiled-gallery__gallery\"><div class=\"tiled-gallery__row\"><div class=\"tiled-gallery__col\" style=\"flex-basis:66.74415%\"><figure class=\"tiled-gallery__item\"><a href=\"https:\/\/urlaubscenter24.com\/de\/wp-content\/uploads\/2022\/01\/Madeira-Wandern-Ponta-de-Sao-Lourenco.jpg\"><img decoding=\"async\" srcset=\"https:\/\/i1.wp.com\/urlaubscenter24.com\/de\/wp-content\/uploads\/2022\/01\/Madeira-Wandern-Ponta-de-Sao-Lourenco.jpg?strip=info&#038;w=600&#038;ssl=1 600w,https:\/\/i1.wp.com\/urlaubscenter24.com\/de\/wp-content\/uploads\/2022\/01\/Madeira-Wandern-Ponta-de-Sao-Lourenco.jpg?strip=info&#038;w=900&#038;ssl=1 900w,https:\/\/i1.wp.com\/urlaubscenter24.com\/de\/wp-content\/uploads\/2022\/01\/Madeira-Wandern-Ponta-de-Sao-Lourenco.jpg?strip=info&#038;w=1200&#038;ssl=1 1200w\" alt=\"Madeira Wandern - Ponta de Sao Lourenco\" data-height=\"900\" data-id=\"4562\" data-link=\"https:\/\/urlaubscenter24.com\/de\/madeira-wandern-ponta-de-sao-lourenco-2\/\" data-url=\"https:\/\/urlaubscenter24.com\/de\/wp-content\/uploads\/2022\/01\/Madeira-Wandern-Ponta-de-Sao-Lourenco.jpg\" data-width=\"1200\" src=\"https:\/\/i1.wp.com\/urlaubscenter24.com\/de\/wp-content\/uploads\/2022\/01\/Madeira-Wandern-Ponta-de-Sao-Lourenco.jpg?ssl=1\" data-amp-layout=\"responsive\"\/><\/a><\/figure><\/div><div class=\"tiled-gallery__col\" style=\"flex-basis:33.25585%\"><figure class=\"tiled-gallery__item\"><a href=\"https:\/\/urlaubscenter24.com\/de\/wp-content\/uploads\/2022\/01\/Madeira-Wandern-Strand-Prainha.jpg\"><img decoding=\"async\" srcset=\"https:\/\/i2.wp.com\/urlaubscenter24.com\/de\/wp-content\/uploads\/2022\/01\/Madeira-Wandern-Strand-Prainha.jpg?strip=info&#038;w=600&#038;ssl=1 600w,https:\/\/i2.wp.com\/urlaubscenter24.com\/de\/wp-content\/uploads\/2022\/01\/Madeira-Wandern-Strand-Prainha.jpg?strip=info&#038;w=900&#038;ssl=1 900w,https:\/\/i2.wp.com\/urlaubscenter24.com\/de\/wp-content\/uploads\/2022\/01\/Madeira-Wandern-Strand-Prainha.jpg?strip=info&#038;w=1200&#038;ssl=1 1200w\" alt=\"Madeira Wandern - Strand Prainha\" data-height=\"900\" data-id=\"4561\" data-link=\"https:\/\/urlaubscenter24.com\/de\/madeira-wandern-strand-prainha\/\" data-url=\"https:\/\/urlaubscenter24.com\/de\/wp-content\/uploads\/2022\/01\/Madeira-Wandern-Strand-Prainha.jpg\" data-width=\"1200\" src=\"https:\/\/i2.wp.com\/urlaubscenter24.com\/de\/wp-content\/uploads\/2022\/01\/Madeira-Wandern-Strand-Prainha.jpg?ssl=1\" data-amp-layout=\"responsive\"\/><\/a><\/figure><figure class=\"tiled-gallery__item\"><a href=\"https:\/\/urlaubscenter24.com\/de\/wp-content\/uploads\/2022\/01\/Madeira-Wandern-Ponta-de-Sao-Lourenco-1.jpg\"><img decoding=\"async\" srcset=\"https:\/\/i2.wp.com\/urlaubscenter24.com\/de\/wp-content\/uploads\/2022\/01\/Madeira-Wandern-Ponta-de-Sao-Lourenco-1.jpg?strip=info&#038;w=600&#038;ssl=1 600w,https:\/\/i2.wp.com\/urlaubscenter24.com\/de\/wp-content\/uploads\/2022\/01\/Madeira-Wandern-Ponta-de-Sao-Lourenco-1.jpg?strip=info&#038;w=900&#038;ssl=1 900w,https:\/\/i2.wp.com\/urlaubscenter24.com\/de\/wp-content\/uploads\/2022\/01\/Madeira-Wandern-Ponta-de-Sao-Lourenco-1.jpg?strip=info&#038;w=1200&#038;ssl=1 1200w\" alt=\"Madeira Wandern - Ponta de Sao Lourenco\" data-height=\"900\" data-id=\"4564\" data-link=\"https:\/\/urlaubscenter24.com\/de\/madeira-wandern-ponta-de-sao-lourenco-1\/\" data-url=\"https:\/\/urlaubscenter24.com\/de\/wp-content\/uploads\/2022\/01\/Madeira-Wandern-Ponta-de-Sao-Lourenco-1.jpg\" data-width=\"1200\" src=\"https:\/\/i2.wp.com\/urlaubscenter24.com\/de\/wp-content\/uploads\/2022\/01\/Madeira-Wandern-Ponta-de-Sao-Lourenco-1.jpg?ssl=1\" data-amp-layout=\"responsive\"\/><\/a><\/figure><\/div><\/div><\/div><\/div>\n\n\n\n<hr class=\"wp-block-separator has-css-opacity\"\/>\n\n\n\n<h4 class=\"wp-block-heading\"><strong>2) Wandern Pico do Arieiro &#8211; Pico Ruivo<\/strong><\/h4>\n\n\n\n<p>Die Tour f\u00fchrt durch die spektakul\u00e4re Bergwelt Madeiras und geh\u00f6rt zu den beliebtesten Wanderungen auf der Atlantikinsel. Der Ausgangspunkt ist der Parkplatz in der N\u00e4he des Pico do Arieiro auf 1540 Metern. Es handelt sich um eine anspruchsvolle 11-Kilometerwanderung (hin und zur\u00fcck), bei der insgesamt 1000 H\u00f6henmeter zu bew\u00e4ltigen sind. Die ausgesetzten Stellen sind gesichert, trotzdem sollte man schwindelfrei sein. Bei extrem schlechtem Wetter (Sturm oder Schneefall) sollte man auf die K\u00f6nigstour allerdings verzichten.<\/p>\n\n\n\n<p>Der H\u00f6henweg bietet wundersch\u00f6ne Blicke auf die hohen Berge. Besonders spektakul\u00e4r ist der Miradouro do Ninho da Manta gleich am Anfang der Tour.<\/p>\n\n\n\n<p>Das Ziel der Wanderung ist der h\u00f6chste Berg Madeiras, der Pico Ruivo (1862 m). Am Gipfel genie\u00dft man ungest\u00f6rte Blicke auf die hohe Bergwelt Madeiras. Unterhalb des Gipfels liegt die Bergh\u00fctte Casa de Abrigo do Pico Ruivo.<\/p>\n\n\n\n<p>Auf derselben Route geht es dann zum Pico Arieiro zur\u00fcck.<\/p>\n\n\n\n<div class=\"wp-block-jetpack-tiled-gallery aligncenter is-style-rectangular has-rounded-corners-5\"><div class=\"tiled-gallery__gallery\"><div class=\"tiled-gallery__row\"><div class=\"tiled-gallery__col\" style=\"flex-basis:50.00000%\"><figure class=\"tiled-gallery__item\"><a href=\"https:\/\/urlaubscenter24.com\/de\/wp-content\/uploads\/2022\/01\/Madeira-Wandern-Pico-Arieiro-Pico-Ruivo.jpg\"><img decoding=\"async\" srcset=\"https:\/\/i1.wp.com\/urlaubscenter24.com\/de\/wp-content\/uploads\/2022\/01\/Madeira-Wandern-Pico-Arieiro-Pico-Ruivo.jpg?strip=info&#038;w=600&#038;ssl=1 600w,https:\/\/i1.wp.com\/urlaubscenter24.com\/de\/wp-content\/uploads\/2022\/01\/Madeira-Wandern-Pico-Arieiro-Pico-Ruivo.jpg?strip=info&#038;w=900&#038;ssl=1 900w,https:\/\/i1.wp.com\/urlaubscenter24.com\/de\/wp-content\/uploads\/2022\/01\/Madeira-Wandern-Pico-Arieiro-Pico-Ruivo.jpg?strip=info&#038;w=1200&#038;ssl=1 1200w\" alt=\"Madeira Wandern - Pico Arieiro - Pico-Ruivo\" data-height=\"900\" data-id=\"4591\" data-link=\"https:\/\/urlaubscenter24.com\/de\/madeira-wandern-pico-arieiro-pico-ruivo\/\" data-url=\"https:\/\/urlaubscenter24.com\/de\/wp-content\/uploads\/2022\/01\/Madeira-Wandern-Pico-Arieiro-Pico-Ruivo.jpg\" data-width=\"1200\" src=\"https:\/\/i1.wp.com\/urlaubscenter24.com\/de\/wp-content\/uploads\/2022\/01\/Madeira-Wandern-Pico-Arieiro-Pico-Ruivo.jpg?ssl=1\" data-amp-layout=\"responsive\"\/><\/a><\/figure><\/div><div class=\"tiled-gallery__col\" style=\"flex-basis:50.00000%\"><figure class=\"tiled-gallery__item\"><a href=\"https:\/\/urlaubscenter24.com\/de\/wp-content\/uploads\/2022\/01\/Madeira-Wandern-Pico-Arieiro-Pico-Ruivo-Winter.jpg\"><img decoding=\"async\" srcset=\"https:\/\/i0.wp.com\/urlaubscenter24.com\/de\/wp-content\/uploads\/2022\/01\/Madeira-Wandern-Pico-Arieiro-Pico-Ruivo-Winter.jpg?strip=info&#038;w=600&#038;ssl=1 600w,https:\/\/i0.wp.com\/urlaubscenter24.com\/de\/wp-content\/uploads\/2022\/01\/Madeira-Wandern-Pico-Arieiro-Pico-Ruivo-Winter.jpg?strip=info&#038;w=900&#038;ssl=1 900w,https:\/\/i0.wp.com\/urlaubscenter24.com\/de\/wp-content\/uploads\/2022\/01\/Madeira-Wandern-Pico-Arieiro-Pico-Ruivo-Winter.jpg?strip=info&#038;w=1200&#038;ssl=1 1200w\" alt=\"MadeirMadeira Wandern - Pico Arieiro - Pico-Ruivo, Wintera-Wandern-Pico-Arieiro-Pico-Ruivo-Winter\" data-height=\"900\" data-id=\"4595\" data-link=\"https:\/\/urlaubscenter24.com\/de\/madeira-wandern-pico-arieiro-pico-ruivo-winter\/\" data-url=\"https:\/\/urlaubscenter24.com\/de\/wp-content\/uploads\/2022\/01\/Madeira-Wandern-Pico-Arieiro-Pico-Ruivo-Winter.jpg\" data-width=\"1200\" src=\"https:\/\/i0.wp.com\/urlaubscenter24.com\/de\/wp-content\/uploads\/2022\/01\/Madeira-Wandern-Pico-Arieiro-Pico-Ruivo-Winter.jpg?ssl=1\" data-amp-layout=\"responsive\"\/><\/a><\/figure><\/div><\/div><\/div><\/div>\n\n\n\n<hr class=\"wp-block-separator has-css-opacity\"\/>\n\n\n\n<h4 class=\"wp-block-heading\"><strong>3) Wanderung Jardim do Mar &#8211; Prazeres &#8211; Miradouro dos Prazeres<\/strong><\/h4>\n\n\n\n<p>Der Ausgangspunkt der Wanderung ist der K\u00fcstenort Jardim do Mar im S\u00fcdwesten Madeiras. Zun\u00e4chst wandert man \u00fcber einen steilen Weg zum winzigen Dorf Prazeres, das auf 600 Metern liegt.  Danach geht es Richtung Hotel Jardim Atlantico. Vom Aussichtspunkt Miradouro dos Prazeres (500 m) genie\u00dft man einen grandiosen Blick auf die K\u00fcste und die Orte Jardim do Mar und Paul do Mar. Auf derselben Route wandert man dann nach Jadim do Mar zur\u00fcck.<\/p>\n\n\n\n<p>Diese Wanderung ist ebenfalls von Paul do Mar als Rundwanderung m\u00f6glich.  Der Wanderweg verl\u00e4uft zun\u00e4chst zwischen imposanten Felsen und dem Meer. Man wandert auf gro\u00dfen Steinen und Ger\u00f6ll von Paul do Mar nach Jardim do Mar. Allerdings ist diese Tour nur zu bestimmten Zeiten bei&nbsp;Ebbe und ruhigem Ozean m\u00f6glich.<\/p>\n\n\n\n<div class=\"wp-block-jetpack-tiled-gallery aligncenter is-style-rectangular has-rounded-corners-5\"><div class=\"tiled-gallery__gallery\"><div class=\"tiled-gallery__row\"><div class=\"tiled-gallery__col\" style=\"flex-basis:66.74415%\"><figure class=\"tiled-gallery__item\"><a href=\"https:\/\/urlaubscenter24.com\/de\/wp-content\/uploads\/2022\/01\/Madeira-Wanderung-Prazeres-Jardim-Atlantico-1024x768.jpg\"><img decoding=\"async\" srcset=\"https:\/\/i2.wp.com\/urlaubscenter24.com\/de\/wp-content\/uploads\/2022\/01\/Madeira-Wanderung-Prazeres-Jardim-Atlantico-1024x768.jpg?strip=info&#038;w=600&#038;ssl=1 600w,https:\/\/i2.wp.com\/urlaubscenter24.com\/de\/wp-content\/uploads\/2022\/01\/Madeira-Wanderung-Prazeres-Jardim-Atlantico-1024x768.jpg?strip=info&#038;w=900&#038;ssl=1 900w,https:\/\/i2.wp.com\/urlaubscenter24.com\/de\/wp-content\/uploads\/2022\/01\/Madeira-Wanderung-Prazeres-Jardim-Atlantico-1024x768.jpg?strip=info&#038;w=1200&#038;ssl=1 1200w\" alt=\"Madeira Wanderung - Prazeres - Jardim Atlantico\" data-height=\"900\" data-id=\"4566\" data-link=\"https:\/\/urlaubscenter24.com\/de\/madeira-wanderung-prazeres-jardim-atlantico\/\" data-url=\"https:\/\/urlaubscenter24.com\/de\/wp-content\/uploads\/2022\/01\/Madeira-Wanderung-Prazeres-Jardim-Atlantico-1024x768.jpg\" data-width=\"1200\" src=\"https:\/\/i2.wp.com\/urlaubscenter24.com\/de\/wp-content\/uploads\/2022\/01\/Madeira-Wanderung-Prazeres-Jardim-Atlantico-1024x768.jpg?ssl=1\" data-amp-layout=\"responsive\"\/><\/a><\/figure><\/div><div class=\"tiled-gallery__col\" style=\"flex-basis:33.25585%\"><figure class=\"tiled-gallery__item\"><a href=\"https:\/\/urlaubscenter24.com\/de\/wp-content\/uploads\/2022\/01\/Madeira-Kuestenwanderung-Jardim-do-Mar-1024x768.jpg\"><img decoding=\"async\" srcset=\"https:\/\/i2.wp.com\/urlaubscenter24.com\/de\/wp-content\/uploads\/2022\/01\/Madeira-Kuestenwanderung-Jardim-do-Mar-1024x768.jpg?strip=info&#038;w=600&#038;ssl=1 600w,https:\/\/i2.wp.com\/urlaubscenter24.com\/de\/wp-content\/uploads\/2022\/01\/Madeira-Kuestenwanderung-Jardim-do-Mar-1024x768.jpg?strip=info&#038;w=900&#038;ssl=1 900w,https:\/\/i2.wp.com\/urlaubscenter24.com\/de\/wp-content\/uploads\/2022\/01\/Madeira-Kuestenwanderung-Jardim-do-Mar-1024x768.jpg?strip=info&#038;w=1200&#038;ssl=1 1200w\" alt=\"Madeira K\u00fcstenwanderung - Jardim do Mar\" data-height=\"900\" data-id=\"4552\" data-link=\"https:\/\/urlaubscenter24.com\/de\/madeira-kuestenwanderung-jardim-do-mar\/\" data-url=\"https:\/\/urlaubscenter24.com\/de\/wp-content\/uploads\/2022\/01\/Madeira-Kuestenwanderung-Jardim-do-Mar-1024x768.jpg\" data-width=\"1200\" src=\"https:\/\/i2.wp.com\/urlaubscenter24.com\/de\/wp-content\/uploads\/2022\/01\/Madeira-Kuestenwanderung-Jardim-do-Mar-1024x768.jpg?ssl=1\" data-amp-layout=\"responsive\"\/><\/a><\/figure><figure class=\"tiled-gallery__item\"><a href=\"https:\/\/urlaubscenter24.com\/de\/wp-content\/uploads\/2022\/01\/Madeira-Kuestenwanderung-Jardim-do-Mar-Paul-do-Mar-1024x768.jpg\"><img decoding=\"async\" srcset=\"https:\/\/i1.wp.com\/urlaubscenter24.com\/de\/wp-content\/uploads\/2022\/01\/Madeira-Kuestenwanderung-Jardim-do-Mar-Paul-do-Mar-1024x768.jpg?strip=info&#038;w=600&#038;ssl=1 600w,https:\/\/i1.wp.com\/urlaubscenter24.com\/de\/wp-content\/uploads\/2022\/01\/Madeira-Kuestenwanderung-Jardim-do-Mar-Paul-do-Mar-1024x768.jpg?strip=info&#038;w=900&#038;ssl=1 900w,https:\/\/i1.wp.com\/urlaubscenter24.com\/de\/wp-content\/uploads\/2022\/01\/Madeira-Kuestenwanderung-Jardim-do-Mar-Paul-do-Mar-1024x768.jpg?strip=info&#038;w=1200&#038;ssl=1 1200w\" alt=\"Madeira K\u00fcstenwanderung - Jardim do Mar - Paul do Mar\" data-height=\"900\" data-id=\"4553\" data-link=\"https:\/\/urlaubscenter24.com\/de\/madeira-kuestenwanderung-jardim-do-mar-paul-do-mar\/\" data-url=\"https:\/\/urlaubscenter24.com\/de\/wp-content\/uploads\/2022\/01\/Madeira-Kuestenwanderung-Jardim-do-Mar-Paul-do-Mar-1024x768.jpg\" data-width=\"1200\" src=\"https:\/\/i1.wp.com\/urlaubscenter24.com\/de\/wp-content\/uploads\/2022\/01\/Madeira-Kuestenwanderung-Jardim-do-Mar-Paul-do-Mar-1024x768.jpg?ssl=1\" data-amp-layout=\"responsive\"\/><\/a><\/figure><\/div><\/div><div class=\"tiled-gallery__row\"><div class=\"tiled-gallery__col\" style=\"flex-basis:50.00000%\"><figure class=\"tiled-gallery__item\"><a href=\"https:\/\/urlaubscenter24.com\/de\/wp-content\/uploads\/2022\/01\/Madeira-Wanderung-Miradouro-dos-Prazeres-1024x768.jpg\"><img decoding=\"async\" srcset=\"https:\/\/i1.wp.com\/urlaubscenter24.com\/de\/wp-content\/uploads\/2022\/01\/Madeira-Wanderung-Miradouro-dos-Prazeres-1024x768.jpg?strip=info&#038;w=600&#038;ssl=1 600w,https:\/\/i1.wp.com\/urlaubscenter24.com\/de\/wp-content\/uploads\/2022\/01\/Madeira-Wanderung-Miradouro-dos-Prazeres-1024x768.jpg?strip=info&#038;w=900&#038;ssl=1 900w,https:\/\/i1.wp.com\/urlaubscenter24.com\/de\/wp-content\/uploads\/2022\/01\/Madeira-Wanderung-Miradouro-dos-Prazeres-1024x768.jpg?strip=info&#038;w=1200&#038;ssl=1 1200w\" alt=\"Madeira Wanderung Miradouro dos Prazeres\" data-height=\"900\" data-id=\"4626\" data-link=\"https:\/\/urlaubscenter24.com\/de\/madeira-wanderung-miradouro-dos-prazeres\/\" data-url=\"https:\/\/urlaubscenter24.com\/de\/wp-content\/uploads\/2022\/01\/Madeira-Wanderung-Miradouro-dos-Prazeres-1024x768.jpg\" data-width=\"1200\" src=\"https:\/\/i1.wp.com\/urlaubscenter24.com\/de\/wp-content\/uploads\/2022\/01\/Madeira-Wanderung-Miradouro-dos-Prazeres-1024x768.jpg?ssl=1\" data-amp-layout=\"responsive\"\/><\/a><\/figure><\/div><div class=\"tiled-gallery__col\" style=\"flex-basis:50.00000%\"><figure class=\"tiled-gallery__item\"><a href=\"https:\/\/urlaubscenter24.com\/de\/wp-content\/uploads\/2022\/01\/Madeira-Kuestenwanderung-Jardim-do-Mar-Paul-do-Mar-1-1024x768.jpg\"><img decoding=\"async\" srcset=\"https:\/\/i1.wp.com\/urlaubscenter24.com\/de\/wp-content\/uploads\/2022\/01\/Madeira-Kuestenwanderung-Jardim-do-Mar-Paul-do-Mar-1-1024x768.jpg?strip=info&#038;w=600&#038;ssl=1 600w,https:\/\/i1.wp.com\/urlaubscenter24.com\/de\/wp-content\/uploads\/2022\/01\/Madeira-Kuestenwanderung-Jardim-do-Mar-Paul-do-Mar-1-1024x768.jpg?strip=info&#038;w=900&#038;ssl=1 900w,https:\/\/i1.wp.com\/urlaubscenter24.com\/de\/wp-content\/uploads\/2022\/01\/Madeira-Kuestenwanderung-Jardim-do-Mar-Paul-do-Mar-1-1024x768.jpg?strip=info&#038;w=1200&#038;ssl=1 1200w\" alt=\"Madeira K\u00fcstenwanderung - Jardim do Mar - Paul do Mar\" data-height=\"900\" data-id=\"4554\" data-link=\"https:\/\/urlaubscenter24.com\/de\/madeira-kuestenwanderung-jardim-do-mar-paul-do-mar-1\/\" data-url=\"https:\/\/urlaubscenter24.com\/de\/wp-content\/uploads\/2022\/01\/Madeira-Kuestenwanderung-Jardim-do-Mar-Paul-do-Mar-1-1024x768.jpg\" data-width=\"1200\" src=\"https:\/\/i1.wp.com\/urlaubscenter24.com\/de\/wp-content\/uploads\/2022\/01\/Madeira-Kuestenwanderung-Jardim-do-Mar-Paul-do-Mar-1-1024x768.jpg?ssl=1\" data-amp-layout=\"responsive\"\/><\/a><\/figure><\/div><\/div><\/div><\/div>\n\n\n\n<hr class=\"wp-block-separator has-css-opacity\"\/>\n\n\n\n<h4 class=\"wp-block-heading\"><strong>4) Wanderung Faial &#8211; Penha de Aguia<\/strong><\/h4>\n\n\n\n<p>Von Faial aus geht eine anspruchsvolle Wanderung auf den imposanten Felsen Penha de Aguia (590 m). F\u00fcr die rund 550 H\u00f6henmeter sind an vielen Stellen Trittsicherheit und Schwindelfreiheit erforderlich. Der erste Teil des Wanderwegs ist ziemlich steil und bei feuchter Witterung rutschig.<\/p>\n\n\n\n<p>Die Anstrengungen werden mit einem zauberhaften Ausblick auf den Ort Faial und die K\u00fcste belohnt. Nach einer Passage durch den dichten Wald ist der h\u00f6chste Punkt des Felsens erreicht. Der Blick schweift von dort \u00fcber die herrliche Landschaft bis zum h\u00f6chsten Berg Madeiras, dem Pico Ruivo. Wer sich noch nicht sattgesehen hat, geht auf einem schlecht markierten Weg zu einem Aussichtspunkt weiter, der Blicke \u00fcber Port da Cruz und die Nordostk\u00fcste bietet. <\/p>\n\n\n\n<div class=\"wp-block-jetpack-tiled-gallery aligncenter is-style-rectangular has-rounded-corners-5\"><div class=\"tiled-gallery__gallery\"><div class=\"tiled-gallery__row\"><div class=\"tiled-gallery__col\" style=\"flex-basis:50.00000%\"><figure class=\"tiled-gallery__item\"><a href=\"https:\/\/urlaubscenter24.com\/de\/wp-content\/uploads\/2022\/01\/Madeira-Wandern-Penha-de-Aguia.jpg\"><img decoding=\"async\" srcset=\"https:\/\/i1.wp.com\/urlaubscenter24.com\/de\/wp-content\/uploads\/2022\/01\/Madeira-Wandern-Penha-de-Aguia.jpg?strip=info&#038;w=600&#038;ssl=1 600w,https:\/\/i1.wp.com\/urlaubscenter24.com\/de\/wp-content\/uploads\/2022\/01\/Madeira-Wandern-Penha-de-Aguia.jpg?strip=info&#038;w=900&#038;ssl=1 900w,https:\/\/i1.wp.com\/urlaubscenter24.com\/de\/wp-content\/uploads\/2022\/01\/Madeira-Wandern-Penha-de-Aguia.jpg?strip=info&#038;w=1200&#038;ssl=1 1200w\" alt=\"Madeira Wandern - Penha de Aguia\" data-height=\"900\" data-id=\"4556\" data-link=\"https:\/\/urlaubscenter24.com\/de\/madeira-wandern-penha-de-aguia\/\" data-url=\"https:\/\/urlaubscenter24.com\/de\/wp-content\/uploads\/2022\/01\/Madeira-Wandern-Penha-de-Aguia.jpg\" data-width=\"1200\" src=\"https:\/\/i1.wp.com\/urlaubscenter24.com\/de\/wp-content\/uploads\/2022\/01\/Madeira-Wandern-Penha-de-Aguia.jpg?ssl=1\" data-amp-layout=\"responsive\"\/><\/a><\/figure><\/div><div class=\"tiled-gallery__col\" style=\"flex-basis:50.00000%\"><figure class=\"tiled-gallery__item\"><a href=\"https:\/\/urlaubscenter24.com\/de\/wp-content\/uploads\/2022\/01\/Madeira-Wandern-Penha-de-Aguia-1.jpg\"><img decoding=\"async\" srcset=\"https:\/\/i0.wp.com\/urlaubscenter24.com\/de\/wp-content\/uploads\/2022\/01\/Madeira-Wandern-Penha-de-Aguia-1.jpg?strip=info&#038;w=600&#038;ssl=1 600w,https:\/\/i0.wp.com\/urlaubscenter24.com\/de\/wp-content\/uploads\/2022\/01\/Madeira-Wandern-Penha-de-Aguia-1.jpg?strip=info&#038;w=900&#038;ssl=1 900w,https:\/\/i0.wp.com\/urlaubscenter24.com\/de\/wp-content\/uploads\/2022\/01\/Madeira-Wandern-Penha-de-Aguia-1.jpg?strip=info&#038;w=1200&#038;ssl=1 1200w\" alt=\"Madeira Wandern - Penha de Aguia\" data-height=\"900\" data-id=\"4557\" data-link=\"https:\/\/urlaubscenter24.com\/de\/madeira-wandern-penha-de-aguia-1\/\" data-url=\"https:\/\/urlaubscenter24.com\/de\/wp-content\/uploads\/2022\/01\/Madeira-Wandern-Penha-de-Aguia-1.jpg\" data-width=\"1200\" src=\"https:\/\/i0.wp.com\/urlaubscenter24.com\/de\/wp-content\/uploads\/2022\/01\/Madeira-Wandern-Penha-de-Aguia-1.jpg?ssl=1\" data-amp-layout=\"responsive\"\/><\/a><\/figure><\/div><\/div><\/div><\/div>\n\n\n\n<hr class=\"wp-block-separator has-css-opacity\"\/>\n\n\n\n<h4 class=\"wp-block-heading\"><strong>5) Die Besteigung des Pico Ruivo<\/strong><\/h4>\n\n\n\n<p>Die anspruchsvollste und zugleich sch\u00f6nste Wanderung auf Madeira ist die Besteigung des Pico Ruivo (1862 m), des h\u00f6chsten Gipfels der Insel, von der Nordseite aus. Die Tour ist angesichts der Herausforderungen ausschlie\u00dflich f\u00fcr sportlich-ge\u00fcbte Wanderer mit einer guten Kondition zu empfehlen. Schlie\u00dflich gilt es auf einer Strecke von fast 17 Kilometern satte 1550 H\u00f6henmeter (bergauf und bergab) zu bew\u00e4ltigen.<\/p>\n\n\n\n<p>Besonders faszinierend: Vom Ausgangspunkt, dem Ort Ilha, aus geht es durch verschiedene Vegetationszonen. Bis auf rund 300 Meter H\u00f6he f\u00fchrt der Weg an einem Entw\u00e4sserungskanal (Levada) entlang durch Wiesen, die von vielen Str\u00e4uchern ges\u00e4umt sind. Zwischen 300 und 1300 Meter erstreckt sich ein dichter und abenteuerlicher Lorbeerwald. Danach gibt es endlich freie Blicke auf die ganze Insel. Spektakul\u00e4r! Wer im Winter wandert, kann Richtung Gipfel sogar durch den Schnee stapfen und mit ein wenig Gl\u00fcck das einmalige Naturschauspiel Wolkenmeer von oben beobachten. Wer nicht so viel Zeit oder Kondition hat, erreicht den Pico Ruivo vom Parkplatz Achada do Teixeira (1592 m) nach einer leichten Wanderung ganz gem\u00fctlich.<\/p>\n\n\n\n<div class=\"wp-block-jetpack-tiled-gallery aligncenter is-style-rectangular has-rounded-corners-5\"><div class=\"tiled-gallery__gallery\"><div class=\"tiled-gallery__row\"><div class=\"tiled-gallery__col\" style=\"flex-basis:66.74415%\"><figure class=\"tiled-gallery__item\"><a href=\"https:\/\/urlaubscenter24.com\/de\/wp-content\/uploads\/2022\/01\/Madeira-Bergtour-Ilha-Pico-Ruivo.jpg\"><img decoding=\"async\" srcset=\"https:\/\/i2.wp.com\/urlaubscenter24.com\/de\/wp-content\/uploads\/2022\/01\/Madeira-Bergtour-Ilha-Pico-Ruivo.jpg?strip=info&#038;w=600&#038;ssl=1 600w,https:\/\/i2.wp.com\/urlaubscenter24.com\/de\/wp-content\/uploads\/2022\/01\/Madeira-Bergtour-Ilha-Pico-Ruivo.jpg?strip=info&#038;w=900&#038;ssl=1 900w,https:\/\/i2.wp.com\/urlaubscenter24.com\/de\/wp-content\/uploads\/2022\/01\/Madeira-Bergtour-Ilha-Pico-Ruivo.jpg?strip=info&#038;w=1200&#038;ssl=1 1200w\" alt=\"Madeira Bergtour - Ilha - Pico Ruivo\" data-height=\"900\" data-id=\"4546\" data-link=\"https:\/\/urlaubscenter24.com\/de\/madeira-bergtour-ilha-pico-ruivo\/\" data-url=\"https:\/\/urlaubscenter24.com\/de\/wp-content\/uploads\/2022\/01\/Madeira-Bergtour-Ilha-Pico-Ruivo.jpg\" data-width=\"1200\" src=\"https:\/\/i2.wp.com\/urlaubscenter24.com\/de\/wp-content\/uploads\/2022\/01\/Madeira-Bergtour-Ilha-Pico-Ruivo.jpg?ssl=1\" data-amp-layout=\"responsive\"\/><\/a><\/figure><\/div><div class=\"tiled-gallery__col\" style=\"flex-basis:33.25585%\"><figure class=\"tiled-gallery__item\"><a href=\"https:\/\/urlaubscenter24.com\/de\/wp-content\/uploads\/2022\/01\/Madeira-Bergtour-Pico-Ruivo-1.jpg\"><img decoding=\"async\" srcset=\"https:\/\/i2.wp.com\/urlaubscenter24.com\/de\/wp-content\/uploads\/2022\/01\/Madeira-Bergtour-Pico-Ruivo-1.jpg?strip=info&#038;w=600&#038;ssl=1 600w,https:\/\/i2.wp.com\/urlaubscenter24.com\/de\/wp-content\/uploads\/2022\/01\/Madeira-Bergtour-Pico-Ruivo-1.jpg?strip=info&#038;w=900&#038;ssl=1 900w,https:\/\/i2.wp.com\/urlaubscenter24.com\/de\/wp-content\/uploads\/2022\/01\/Madeira-Bergtour-Pico-Ruivo-1.jpg?strip=info&#038;w=1200&#038;ssl=1 1200w\" alt=\"Madeira Bergtour - Pico Ruivo\" data-height=\"900\" data-id=\"4576\" data-link=\"https:\/\/urlaubscenter24.com\/de\/madeira-bergtour-pico-ruivo-1\/\" data-url=\"https:\/\/urlaubscenter24.com\/de\/wp-content\/uploads\/2022\/01\/Madeira-Bergtour-Pico-Ruivo-1.jpg\" data-width=\"1200\" src=\"https:\/\/i2.wp.com\/urlaubscenter24.com\/de\/wp-content\/uploads\/2022\/01\/Madeira-Bergtour-Pico-Ruivo-1.jpg?ssl=1\" data-amp-layout=\"responsive\"\/><\/a><\/figure><figure class=\"tiled-gallery__item\"><a href=\"https:\/\/urlaubscenter24.com\/de\/wp-content\/uploads\/2022\/01\/Madeira-Bergtour-Pico-Ruivo.jpg\"><img decoding=\"async\" srcset=\"https:\/\/i1.wp.com\/urlaubscenter24.com\/de\/wp-content\/uploads\/2022\/01\/Madeira-Bergtour-Pico-Ruivo.jpg?strip=info&#038;w=600&#038;ssl=1 600w,https:\/\/i1.wp.com\/urlaubscenter24.com\/de\/wp-content\/uploads\/2022\/01\/Madeira-Bergtour-Pico-Ruivo.jpg?strip=info&#038;w=900&#038;ssl=1 900w,https:\/\/i1.wp.com\/urlaubscenter24.com\/de\/wp-content\/uploads\/2022\/01\/Madeira-Bergtour-Pico-Ruivo.jpg?strip=info&#038;w=1200&#038;ssl=1 1200w\" alt=\"Madeira Bergtour - Pico Ruivo\" data-height=\"900\" data-id=\"4547\" data-link=\"https:\/\/urlaubscenter24.com\/de\/madeira-bergtour-pico-ruivo\/\" data-url=\"https:\/\/urlaubscenter24.com\/de\/wp-content\/uploads\/2022\/01\/Madeira-Bergtour-Pico-Ruivo.jpg\" data-width=\"1200\" src=\"https:\/\/i1.wp.com\/urlaubscenter24.com\/de\/wp-content\/uploads\/2022\/01\/Madeira-Bergtour-Pico-Ruivo.jpg?ssl=1\" data-amp-layout=\"responsive\"\/><\/a><\/figure><\/div><\/div><\/div><\/div>\n\n\n\n<hr class=\"wp-block-separator has-css-opacity\"\/>\n\n\n\n<h4 class=\"wp-block-heading\"><strong>6) Wanderung von Ponta Delgada zum Miradouro de Sao Cristovao<\/strong><\/h4>\n\n\n\n<p>Der Ausgangspunkt der leichten Wanderung ist der kleine K\u00fcstenort Ponta Delgada, der im Norden Madeiras liegt. Auf wenig befahren Stra\u00dfen wandert man zum Restaurant Sao Cristovao, das direkt vor einer gigantischen Klippe n\u00f6rdlich von Boaventura liegt. Beim Wandern genie\u00dft man Landschaften wie im Bilderbuch. Der Aussichtspunkt Miradouro de Sao Cristovao ist ein beliebtes Fotomotiv auf den Umschlagseiten vieler Reisef\u00fchrer.<\/p>\n\n\n\n<p>Wer noch Zeit und Lust hat, kann noch circa 2 Kilometer Richtung Osten zum Restaurant Arco wandern. Die einfache Tour verl\u00e4uft auf einem alten Pflasterweg. Allerdings kann der Weg bei N\u00e4sse sehr rutschig sein. Es gibt auch einige ausgesetzte Stellen, die mit Gel\u00e4ndern gesichert sind. <\/p>\n\n\n\n<div class=\"wp-block-jetpack-tiled-gallery aligncenter is-style-rectangular has-rounded-corners-5\"><div class=\"tiled-gallery__gallery\"><div class=\"tiled-gallery__row\"><div class=\"tiled-gallery__col\" style=\"flex-basis:50.00000%\"><figure class=\"tiled-gallery__item\"><a href=\"https:\/\/urlaubscenter24.com\/de\/wp-content\/uploads\/2022\/01\/Madeira-Wanderung-Sao-Cristovao.jpg\"><img decoding=\"async\" srcset=\"https:\/\/i2.wp.com\/urlaubscenter24.com\/de\/wp-content\/uploads\/2022\/01\/Madeira-Wanderung-Sao-Cristovao.jpg?strip=info&#038;w=600&#038;ssl=1 600w,https:\/\/i2.wp.com\/urlaubscenter24.com\/de\/wp-content\/uploads\/2022\/01\/Madeira-Wanderung-Sao-Cristovao.jpg?strip=info&#038;w=900&#038;ssl=1 900w,https:\/\/i2.wp.com\/urlaubscenter24.com\/de\/wp-content\/uploads\/2022\/01\/Madeira-Wanderung-Sao-Cristovao.jpg?strip=info&#038;w=1200&#038;ssl=1 1200w\" alt=\"Madeira Wanderung - Sao Cristovao\" data-height=\"900\" data-id=\"4569\" data-link=\"https:\/\/urlaubscenter24.com\/de\/madeira-wanderung-sao-cristovao\/\" data-url=\"https:\/\/urlaubscenter24.com\/de\/wp-content\/uploads\/2022\/01\/Madeira-Wanderung-Sao-Cristovao.jpg\" data-width=\"1200\" src=\"https:\/\/i2.wp.com\/urlaubscenter24.com\/de\/wp-content\/uploads\/2022\/01\/Madeira-Wanderung-Sao-Cristovao.jpg?ssl=1\" data-amp-layout=\"responsive\"\/><\/a><\/figure><\/div><div class=\"tiled-gallery__col\" style=\"flex-basis:50.00000%\"><figure class=\"tiled-gallery__item\"><a href=\"https:\/\/urlaubscenter24.com\/de\/wp-content\/uploads\/2022\/01\/Madeira-Wanderung-Miradouro-de-Sao-Cristovao.jpg\"><img decoding=\"async\" srcset=\"https:\/\/i2.wp.com\/urlaubscenter24.com\/de\/wp-content\/uploads\/2022\/01\/Madeira-Wanderung-Miradouro-de-Sao-Cristovao.jpg?strip=info&#038;w=600&#038;ssl=1 600w,https:\/\/i2.wp.com\/urlaubscenter24.com\/de\/wp-content\/uploads\/2022\/01\/Madeira-Wanderung-Miradouro-de-Sao-Cristovao.jpg?strip=info&#038;w=900&#038;ssl=1 900w,https:\/\/i2.wp.com\/urlaubscenter24.com\/de\/wp-content\/uploads\/2022\/01\/Madeira-Wanderung-Miradouro-de-Sao-Cristovao.jpg?strip=info&#038;w=1200&#038;ssl=1 1200w\" alt=\"Madeira Wanderung - Miradouro de Sao Cristovao\" data-height=\"900\" data-id=\"4622\" data-link=\"https:\/\/urlaubscenter24.com\/de\/madeira-wanderung-miradouro-de-sao-cristovao\/\" data-url=\"https:\/\/urlaubscenter24.com\/de\/wp-content\/uploads\/2022\/01\/Madeira-Wanderung-Miradouro-de-Sao-Cristovao.jpg\" data-width=\"1200\" src=\"https:\/\/i2.wp.com\/urlaubscenter24.com\/de\/wp-content\/uploads\/2022\/01\/Madeira-Wanderung-Miradouro-de-Sao-Cristovao.jpg?ssl=1\" data-amp-layout=\"responsive\"\/><\/a><\/figure><\/div><\/div><\/div><\/div>\n\n\n\n<h4 class=\"wp-block-heading\"><\/h4>\n","protected":false},"excerpt":{"rendered":"<p>1 WOCHE PAUSCHALREISE MADEIRA (Hotel, Flug &amp; Transfer) ab 510 Euro pro Person! Reiseschn\u00e4ppchen Madeira, alle Flugh\u00e4fen &amp; Veranstalter Auf und nieder, immer wieder:&#8230;<\/p>\n","protected":false},"author":1,"featured_media":0,"parent":0,"menu_order":0,"comment_status":"closed","ping_status":"closed","template":"","meta":{"footnotes":""},"class_list":["post-6404","page","type-page","status-publish","hentry","post-item","post-even"],"yoast_head":"<!-- This site is optimized with the Yoast SEO plugin v23.9 - https:\/\/yoast.com\/wordpress\/plugins\/seo\/ -->\n<title>Madeira Wandern - Tipps f\u00fcr einen Wanderurlaub auf der faszinierenden Atlantikinsel - Urlaub g\u00fcnstig<\/title>\n<meta name=\"robots\" content=\"index, follow, max-snippet:-1, max-image-preview:large, max-video-preview:-1\" \/>\n<link rel=\"canonical\" href=\"https:\/\/urlaubscenter24.com\/de\/madeira-wanderurlaub\/\" \/>\n<meta property=\"og:locale\" content=\"de_DE\" \/>\n<meta property=\"og:type\" content=\"article\" \/>\n<meta property=\"og:title\" content=\"Madeira Wandern - Tipps f\u00fcr einen Wanderurlaub auf der faszinierenden Atlantikinsel - Urlaub g\u00fcnstig\" \/>\n<meta property=\"og:description\" content=\"1 WOCHE PAUSCHALREISE MADEIRA (Hotel, Flug &amp; Transfer) ab 510 Euro pro Person! Reiseschn\u00e4ppchen Madeira, alle Flugh\u00e4fen &amp; Veranstalter Auf und nieder, immer wieder:...\" \/>\n<meta property=\"og:url\" content=\"https:\/\/urlaubscenter24.com\/de\/madeira-wanderurlaub\/\" \/>\n<meta property=\"og:site_name\" content=\"Urlaub g\u00fcnstig\" \/>\n<meta property=\"article:modified_time\" content=\"2023-02-24T14:15:39+00:00\" \/>\n<meta property=\"og:image\" content=\"https:\/\/urlaubscenter24.com\/de\/wp-content\/uploads\/2023\/02\/Madeira-Wanderurlaub-1024x512.jpg\" \/>\n<meta name=\"twitter:card\" content=\"summary_large_image\" \/>\n<meta name=\"twitter:label1\" content=\"Gesch\u00e4tzte Lesezeit\" \/>\n\t<meta name=\"twitter:data1\" content=\"13\u00a0Minuten\" \/>\n<script type=\"application\/ld+json\" class=\"yoast-schema-graph\">{\"@context\":\"https:\/\/schema.org\",\"@graph\":[{\"@type\":\"WebPage\",\"@id\":\"https:\/\/urlaubscenter24.com\/de\/madeira-wanderurlaub\/\",\"url\":\"https:\/\/urlaubscenter24.com\/de\/madeira-wanderurlaub\/\",\"name\":\"Madeira Wandern - Tipps f\u00fcr einen Wanderurlaub auf der faszinierenden Atlantikinsel - Urlaub g\u00fcnstig\",\"isPartOf\":{\"@id\":\"https:\/\/urlaubscenter24.com\/de\/#website\"},\"primaryImageOfPage\":{\"@id\":\"https:\/\/urlaubscenter24.com\/de\/madeira-wanderurlaub\/#primaryimage\"},\"image\":{\"@id\":\"https:\/\/urlaubscenter24.com\/de\/madeira-wanderurlaub\/#primaryimage\"},\"thumbnailUrl\":\"https:\/\/urlaubscenter24.com\/de\/wp-content\/uploads\/2023\/02\/Madeira-Wanderurlaub-1024x512.jpg\",\"datePublished\":\"2023-02-24T13:22:19+00:00\",\"dateModified\":\"2023-02-24T14:15:39+00:00\",\"breadcrumb\":{\"@id\":\"https:\/\/urlaubscenter24.com\/de\/madeira-wanderurlaub\/#breadcrumb\"},\"inLanguage\":\"de\",\"potentialAction\":[{\"@type\":\"ReadAction\",\"target\":[\"https:\/\/urlaubscenter24.com\/de\/madeira-wanderurlaub\/\"]}]},{\"@type\":\"ImageObject\",\"inLanguage\":\"de\",\"@id\":\"https:\/\/urlaubscenter24.com\/de\/madeira-wanderurlaub\/#primaryimage\",\"url\":\"https:\/\/urlaubscenter24.com\/de\/wp-content\/uploads\/2023\/02\/Madeira-Wanderurlaub.jpg\",\"contentUrl\":\"https:\/\/urlaubscenter24.com\/de\/wp-content\/uploads\/2023\/02\/Madeira-Wanderurlaub.jpg\",\"width\":1200,\"height\":600,\"caption\":\"Madeira Wanderurlaub\"},{\"@type\":\"BreadcrumbList\",\"@id\":\"https:\/\/urlaubscenter24.com\/de\/madeira-wanderurlaub\/#breadcrumb\",\"itemListElement\":[{\"@type\":\"ListItem\",\"position\":1,\"name\":\"Startseite\",\"item\":\"https:\/\/urlaubscenter24.com\/de\/\"},{\"@type\":\"ListItem\",\"position\":2,\"name\":\"Madeira Wandern &#8211; Tipps f\u00fcr einen Wanderurlaub auf der faszinierenden Atlantikinsel\"}]},{\"@type\":\"WebSite\",\"@id\":\"https:\/\/urlaubscenter24.com\/de\/#website\",\"url\":\"https:\/\/urlaubscenter24.com\/de\/\",\"name\":\"Urlaub g\u00fcnstig\",\"description\":\"G\u00fcnstige Pauschalreisen &amp; Hotels\",\"potentialAction\":[{\"@type\":\"SearchAction\",\"target\":{\"@type\":\"EntryPoint\",\"urlTemplate\":\"https:\/\/urlaubscenter24.com\/de\/?s={search_term_string}\"},\"query-input\":{\"@type\":\"PropertyValueSpecification\",\"valueRequired\":true,\"valueName\":\"search_term_string\"}}],\"inLanguage\":\"de\"}]}<\/script>\n<!-- \/ Yoast SEO plugin. -->","yoast_head_json":{"title":"Madeira Wandern - Tipps f\u00fcr einen Wanderurlaub auf der faszinierenden Atlantikinsel - Urlaub g\u00fcnstig","robots":{"index":"index","follow":"follow","max-snippet":"max-snippet:-1","max-image-preview":"max-image-preview:large","max-video-preview":"max-video-preview:-1"},"canonical":"https:\/\/urlaubscenter24.com\/de\/madeira-wanderurlaub\/","og_locale":"de_DE","og_type":"article","og_title":"Madeira Wandern - Tipps f\u00fcr einen Wanderurlaub auf der faszinierenden Atlantikinsel - Urlaub g\u00fcnstig","og_description":"1 WOCHE PAUSCHALREISE MADEIRA (Hotel, Flug &amp; Transfer) ab 510 Euro pro Person! Reiseschn\u00e4ppchen Madeira, alle Flugh\u00e4fen &amp; Veranstalter Auf und nieder, immer wieder:...","og_url":"https:\/\/urlaubscenter24.com\/de\/madeira-wanderurlaub\/","og_site_name":"Urlaub g\u00fcnstig","article_modified_time":"2023-02-24T14:15:39+00:00","og_image":[{"url":"https:\/\/urlaubscenter24.com\/de\/wp-content\/uploads\/2023\/02\/Madeira-Wanderurlaub-1024x512.jpg"}],"twitter_card":"summary_large_image","twitter_misc":{"Gesch\u00e4tzte Lesezeit":"13\u00a0Minuten"},"schema":{"@context":"https:\/\/schema.org","@graph":[{"@type":"WebPage","@id":"https:\/\/urlaubscenter24.com\/de\/madeira-wanderurlaub\/","url":"https:\/\/urlaubscenter24.com\/de\/madeira-wanderurlaub\/","name":"Madeira Wandern - Tipps f\u00fcr einen Wanderurlaub auf der faszinierenden Atlantikinsel - Urlaub g\u00fcnstig","isPartOf":{"@id":"https:\/\/urlaubscenter24.com\/de\/#website"},"primaryImageOfPage":{"@id":"https:\/\/urlaubscenter24.com\/de\/madeira-wanderurlaub\/#primaryimage"},"image":{"@id":"https:\/\/urlaubscenter24.com\/de\/madeira-wanderurlaub\/#primaryimage"},"thumbnailUrl":"https:\/\/urlaubscenter24.com\/de\/wp-content\/uploads\/2023\/02\/Madeira-Wanderurlaub-1024x512.jpg","datePublished":"2023-02-24T13:22:19+00:00","dateModified":"2023-02-24T14:15:39+00:00","breadcrumb":{"@id":"https:\/\/urlaubscenter24.com\/de\/madeira-wanderurlaub\/#breadcrumb"},"inLanguage":"de","potentialAction":[{"@type":"ReadAction","target":["https:\/\/urlaubscenter24.com\/de\/madeira-wanderurlaub\/"]}]},{"@type":"ImageObject","inLanguage":"de","@id":"https:\/\/urlaubscenter24.com\/de\/madeira-wanderurlaub\/#primaryimage","url":"https:\/\/urlaubscenter24.com\/de\/wp-content\/uploads\/2023\/02\/Madeira-Wanderurlaub.jpg","contentUrl":"https:\/\/urlaubscenter24.com\/de\/wp-content\/uploads\/2023\/02\/Madeira-Wanderurlaub.jpg","width":1200,"height":600,"caption":"Madeira Wanderurlaub"},{"@type":"BreadcrumbList","@id":"https:\/\/urlaubscenter24.com\/de\/madeira-wanderurlaub\/#breadcrumb","itemListElement":[{"@type":"ListItem","position":1,"name":"Startseite","item":"https:\/\/urlaubscenter24.com\/de\/"},{"@type":"ListItem","position":2,"name":"Madeira Wandern &#8211; Tipps f\u00fcr einen Wanderurlaub auf der faszinierenden Atlantikinsel"}]},{"@type":"WebSite","@id":"https:\/\/urlaubscenter24.com\/de\/#website","url":"https:\/\/urlaubscenter24.com\/de\/","name":"Urlaub g\u00fcnstig","description":"G\u00fcnstige Pauschalreisen &amp; Hotels","potentialAction":[{"@type":"SearchAction","target":{"@type":"EntryPoint","urlTemplate":"https:\/\/urlaubscenter24.com\/de\/?s={search_term_string}"},"query-input":{"@type":"PropertyValueSpecification","valueRequired":true,"valueName":"search_term_string"}}],"inLanguage":"de"}]}},"jetpack_sharing_enabled":true,"rttpg_featured_image_url":null,"rttpg_author":{"display_name":"urlaubscenter24","author_link":"https:\/\/urlaubscenter24.com\/de\/author\/urlaubscenter24\/"},"rttpg_comment":0,"rttpg_category":null,"rttpg_excerpt":"1 WOCHE PAUSCHALREISE MADEIRA (Hotel, Flug &amp; Transfer) ab 510 Euro pro Person! Reiseschn\u00e4ppchen Madeira, alle Flugh\u00e4fen &amp; Veranstalter Auf und nieder, immer wieder:...","_links":{"self":[{"href":"https:\/\/urlaubscenter24.com\/de\/wp-json\/wp\/v2\/pages\/6404","targetHints":{"allow":["GET"]}}],"collection":[{"href":"https:\/\/urlaubscenter24.com\/de\/wp-json\/wp\/v2\/pages"}],"about":[{"href":"https:\/\/urlaubscenter24.com\/de\/wp-json\/wp\/v2\/types\/page"}],"author":[{"embeddable":true,"href":"https:\/\/urlaubscenter24.com\/de\/wp-json\/wp\/v2\/users\/1"}],"replies":[{"embeddable":true,"href":"https:\/\/urlaubscenter24.com\/de\/wp-json\/wp\/v2\/comments?post=6404"}],"version-history":[{"count":23,"href":"https:\/\/urlaubscenter24.com\/de\/wp-json\/wp\/v2\/pages\/6404\/revisions"}],"predecessor-version":[{"id":6437,"href":"https:\/\/urlaubscenter24.com\/de\/wp-json\/wp\/v2\/pages\/6404\/revisions\/6437"}],"wp:attachment":[{"href":"https:\/\/urlaubscenter24.com\/de\/wp-json\/wp\/v2\/media?parent=6404"}],"curies":[{"name":"wp","href":"https:\/\/api.w.org\/{rel}","templated":true}]}}